{"id":7,"date":"2014-03-26T18:35:39","date_gmt":"2014-03-26T17:35:39","guid":{"rendered":"http:\/\/ecole-saintpiex.com\/tremblay-en-france-93290\/?page_id=7"},"modified":"2018-08-24T11:42:43","modified_gmt":"2018-08-24T10:42:43","slug":"vie-lecole","status":"publish","type":"page","link":"https:\/\/ecole-saintpiex.com\/tremblay-en-france-93290\/vie-lecole\/","title":{"rendered":"La vie de l&rsquo;\u00e9cole et ses projets"},"content":{"rendered":"<h2>La vie de notre \u00e9tablissement est remplie de diff\u00e9rents projets. Saint \u2013 Pie X est une \u00e9cole catholique sous tutelle dioc\u00e9saine. A ce titre, elle est plac\u00e9e sous l\u2019autorit\u00e9 de l\u2019Ev\u00eaque.<\/h2>\n<p>Son \u00e9quipe \u00e9ducative m\u00e8ne sa mission en relation \u00e9troite avec le pr\u00eatre r\u00e9f\u00e9rent de la paroisse.<\/p>\n<p>Cette mission est port\u00e9e par le projet dioc\u00e9sain de l\u2019Enseignement Catholique du Dioc\u00e8se de Saint \u2013 Denis et se caract\u00e9rise par des axes forts&nbsp;: l\u2019accueil de tous, apprendre \u00e0 vivre ensemble et se d\u00e9couvrir soi \u2013 m\u00eame.<\/p>\n<p>&nbsp;<\/p>\n<p><strong>Notre projet pastoral&nbsp; s\u2019inscrit dans la vie quotidienne de notre \u00e9tablissement au travers de diff\u00e9rents aspects&nbsp;:<\/strong><\/p>\n<p>&#8211; accueillir les \u00e9l\u00e8ves dans le respect de la religion et de la culture de chacun. Au quotidien , nous nous accueillons en nous disant bonjour chaque jour, en facilitant l\u2019int\u00e9gration d\u2019un nouvel \u00e9l\u00e8ve et de sa famille, en entretenant des relations cordiales et constructives avec tous.<\/p>\n<p>&#8211; veiller au bien-\u00eatre de tous en offrant un cadre de vie serein et propice aux apprentissages, en apportant \u00e0 chaque \u00e9l\u00e8ve une r\u00e9ponse \u00e0 ses difficult\u00e9s<\/p>\n<p>&#8211; dialoguer pour offrir un r\u00e9el accompagnement,<\/p>\n<p>&#8211; partager des moments gr\u00e2ce au tutorat, aux classes d\u00e9couvertes, aux projets p\u00e9dagogiques&#8230;<\/p>\n<p>&nbsp;<\/p>\n<p><strong>A cela s\u2019ajoutent&nbsp;:<\/strong><\/p>\n<p>&#8211; une heure de caract\u00e8re propre dispens\u00e9e b\u00e9n\u00e9volement par les enseignants. C\u2019est un moment durant lequel chacun partage sur sa foi, apprend \u00e0 conna\u00eetre l\u2019autre afin de vivre dans le monde d\u2019aujourd\u2019hui,<\/p>\n<p>&#8211; des temps de c\u00e9l\u00e9brations \u00e0 l\u2019\u00e9glise pour No\u00ebl et P\u00e2ques. Celles \u2013 ci sont pr\u00e9par\u00e9es an amont en classe avec l\u2019ensemble de la classe toujours en respectant les convictions de chacun.<\/p>\n<p>&nbsp;<\/p>\n<p>Ce projet permet&nbsp; de r\u00e9fl\u00e9chir ensemble, de partager sur nos diff\u00e9rences, d\u2019apprendre la tol\u00e9rance tout en apportant un t\u00e9moignage chr\u00e9tien.<\/p>\n<p>&nbsp;<\/p>\n<p><strong>Chaque famille inscrite dans notre \u00e9tablissement doit prendre conscience qu\u2019il s\u2019agit d\u2019un v\u00e9ritable engagement de sa part et qu\u2019elle accepte que son enfant participe \u00e0 ce projet pastoral.<\/strong><\/p>\n<p>Ce projet refl\u00e8te les valeurs humaines et chr\u00e9tiennes qui nous animent chaque jour. Saint-Pie X est une \u00e9cole bienveillante et partenaire.<\/p>\n<p>La taille modeste de notre \u00e9tablissement et la disponibilit\u00e9 de l\u2019\u00e9quipe \u00e9ducative permettent un r\u00e9el partenariat avec les familles, plac\u00e9 sous le signe de la confiance.<\/p>\n<p>Cette confiance mutuelle entre l\u2019\u00e9cole et les familles est propice \u00e0 l\u2019\u00e9panouissement de nos \u00e9l\u00e8ves.<\/p>\n<p>La mise en place de la m\u00e9diation entre pairs, des \u00e9lections des d\u00e9l\u00e9gu\u00e9s impliquent les \u00e9l\u00e8ves dans la vie de leur \u00e9tablissement.<\/p>\n<p>Des rencontres respectueuses et constructives entre les enseignants et les parents, la mise en place de r\u00e9unions \u00e9ducatives nous aident \u00e0 trouver des solutions adapt\u00e9es \u00e0 chacun de nos \u00e9l\u00e8ves.<\/p>\n<p>&nbsp;<\/p>\n<p><strong>Notre \u00e9cole se veut une \u00e9cole ouverte sur le monde.<\/strong><\/p>\n<p>A ce titre, elle s\u2019engage dans la formation des enseignants, des futurs enseignants et du personnel OGEC.<\/p>\n<p>L\u2019objectif de l\u2019\u00e9quipe est de valoriser l\u2019\u00e9panouissement de chaque \u00e9l\u00e8ve, de lui permettre de d\u00e9velopper son esprit critique, d\u2019acqu\u00e9rir des comp\u00e9tences vari\u00e9es en le pr\u00e9parant aux mieux \u00e0 l\u2019exercice de ses responsabilit\u00e9s de citoyen.<\/p>\n<p>C\u2019est la raison pour laquelle&nbsp;:<\/p>\n<p>&#8211; nous nous attachons \u00e0 d\u00e9velopper le num\u00e9rique avec l\u2019utilisation de TBI,<\/p>\n<p>&#8211; \u00e0 faire appel \u00e0 des intervenants ext\u00e9rieurs comme le Th\u00e9\u00e2tre de la Clart\u00e9 afin de travailler au mieux dans le cadre d\u2019une interdisciplinarit\u00e9,<\/p>\n<p>&#8211; \u00e0 d\u00e9velopper les comp\u00e9tences en anglais de nos \u00e9l\u00e8ves en organisant des cours d\u00e8s la Grande Section et en pr\u00e9sentant nos \u00e9l\u00e8ves de CM2 \u00e0 la Certification de Cambridge.<\/p>\n<p><strong>Cette ouverture au monde se traduit \u00e9galement par des sorties dans les mus\u00e9es, des classes d\u00e9couvertes, par les projets que nous portons tout au long de l\u2019ann\u00e9e&nbsp;: le projet \u00ab&nbsp;Art&nbsp;\u00bb, le projet \u00ab&nbsp;Semaine du go\u00fbt&nbsp;\u00bb&#8230;<\/strong><\/p>\n","protected":false},"excerpt":{"rendered":"<p>La vie de notre \u00e9tablissement est remplie de diff\u00e9rents projets. Saint \u2013 Pie X est une \u00e9cole catholique sous tutelle dioc\u00e9saine. A ce titre, elle est plac\u00e9e sous l\u2019autorit\u00e9 de [&hellip;]<\/p>\n","protected":false},"author":1,"featured_media":0,"parent":0,"menu_order":0,"comment_status":"closed","ping_status":"open","template":"","meta":{"ngg_post_thumbnail":0,"footnotes":""},"_links":{"self":[{"href":"https:\/\/ecole-saintpiex.com\/tremblay-en-france-93290\/wp-json\/wp\/v2\/pages\/7"}],"collection":[{"href":"https:\/\/ecole-saintpiex.com\/tremblay-en-france-93290\/wp-json\/wp\/v2\/pages"}],"about":[{"href":"https:\/\/ecole-saintpiex.com\/tremblay-en-france-93290\/wp-json\/wp\/v2\/types\/page"}],"author":[{"embeddable":true,"href":"https:\/\/ecole-saintpiex.com\/tremblay-en-france-93290\/wp-json\/wp\/v2\/users\/1"}],"replies":[{"embeddable":true,"href":"https:\/\/ecole-saintpiex.com\/tremblay-en-france-93290\/wp-json\/wp\/v2\/comments?post=7"}],"version-history":[{"count":2,"href":"https:\/\/ecole-saintpiex.com\/tremblay-en-france-93290\/wp-json\/wp\/v2\/pages\/7\/revisions"}],"predecessor-version":[{"id":1525,"href":"https:\/\/ecole-saintpiex.com\/tremblay-en-france-93290\/wp-json\/wp\/v2\/pages\/7\/revisions\/1525"}],"wp:attachment":[{"href":"https:\/\/ecole-saintpiex.com\/tremblay-en-france-93290\/wp-json\/wp\/v2\/media?parent=7"}],"curies":[{"name":"wp","href":"https:\/\/api.w.org\/{rel}","templated":true}]}}